{"id":1652,"date":"2018-04-26T09:31:13","date_gmt":"2018-04-26T08:31:13","guid":{"rendered":"http:\/\/unsa-administratifs.org\/?page_id=1652"},"modified":"2025-08-12T10:31:42","modified_gmt":"2025-08-12T08:31:42","slug":"ce-koi-ca","status":"publish","type":"page","link":"https:\/\/unsa-administratifs.org\/?page_id=1652","title":{"rendered":"Fiches \u00ab\u00a0C\u00e9 koi \u00e7a ?\u00a0\u00bb"},"content":{"rendered":"<p>L&rsquo;UNSA-Administratifs vous informe r\u00e9guli\u00e8rement par l\u2019interm\u00e9diaire de fiches th\u00e9matiques.<\/p>\n<p>Ces fiches int\u00e8grent l&rsquo;\u00e9volution de la r\u00e9glementation impactant votre vie professionnelle au quotidien. Elles sont mises \u00e0 jour r\u00e9guli\u00e8rement pour vous permettre d&rsquo;avoir une information pertinente et d&rsquo;actualit\u00e9.<\/p>\n<p>Pour acc\u00e9der \u00e0 nos <strong>fiches \u00ab\u00a0C\u00e9 koi \u00e7a ?\u00a0\u00bb<\/strong>, cliquer sur les liens ci-dessous :<\/p>\n<p><a href=\"https:\/\/unsa-administratifs.org\/wp-content\/uploads\/2025\/08\/Fiche-Accident-du-travail-de-l-agent-public-contractuel.pdf\">Accident du travail de l&rsquo;agent public contractuel<\/a><\/p>\n<p><a href=\"https:\/\/unsa-administratifs.org\/wp-content\/uploads\/2025\/08\/Fiche-Conge-pour-invalidite-temporaire-imputable-au-service-du-fonctionnaire.pdf\">Cong\u00e9 pour invalidit\u00e9 temporaire imputable au service du fonctionnaire<\/a><\/p>\n<p><a href=\"https:\/\/unsa-administratifs.org\/wp-content\/uploads\/2025\/03\/Fiche-Le-Complement-Indemnitaitre-Annuel-CIA-.pdf\">Compl\u00e9ment Indemnitaire Annuel &#8211; CIA &#8211;<\/a><\/p>\n<p><a href=\"https:\/\/unsa-administratifs.org\/wp-content\/uploads\/2025\/02\/Fiche-Conge-Maladie-Ordinaire-Fonctionnaires.pdf\">Cong\u00e9 de Maladie Ordinaire des Fonctionnaires<\/a><\/p>\n<p><a href=\"https:\/\/unsa-administratifs.org\/wp-content\/uploads\/2024\/09\/Fiche-Le-bulletin-de-salaire.pdf\">Le bulletin de salaire<\/a><\/p>\n<p><a href=\"https:\/\/unsa-administratifs.org\/wp-content\/uploads\/2024\/01\/Fiche-Entretien-professionnel.pdf\">L&rsquo;entretien professionnel<\/a><\/p>\n<p><a href=\"https:\/\/unsa-administratifs.org\/wp-content\/uploads\/2024\/01\/Organigramme-de-la-DGAC.pdf\">Organigramme de la DGAC<\/a><\/p>\n<p><a href=\"https:\/\/unsa-administratifs.org\/wp-content\/uploads\/2023\/12\/Fiche-CET.pdf\">Compte \u00c9pargne Temps<\/a><\/p>\n<p><a href=\"https:\/\/unsa-administratifs.org\/wp-content\/uploads\/2023\/10\/Fiche-Changement-de-corps-des-Adjoints-et-Assistants.pdf\">Changement de corps des Adjoints et Assistants<\/a><\/p>\n<p><a href=\"https:\/\/unsa-administratifs.org\/wp-content\/uploads\/2023\/10\/Fiche-Frais-de-deplacements-1.pdf\">Frais de d\u00e9placements<\/a><\/p>\n<p><a href=\"https:\/\/unsa-administratifs.org\/wp-content\/uploads\/2023\/10\/Fiche-Age-de-depart-en-retraite-2.pdf\">Age de d\u00e9part en retraite<\/a><\/p>\n<p><a href=\"https:\/\/unsa-administratifs.org\/wp-content\/uploads\/2023\/05\/Fiche-Avancement-de-grade-des-adjoints-et-assistants-1.pdf\">Avancement de grade des adjoints et assistants<\/a><\/p>\n<p><a href=\"https:\/\/unsa-administratifs.org\/wp-content\/uploads\/2023\/03\/Fiche-COVID-19.pdf\">Fiche COVID 19<\/a><\/p>\n<p><a href=\"https:\/\/unsa-administratifs.org\/wp-content\/uploads\/2023\/02\/Fiche-Teletravail-1.pdf\">Le t\u00e9l\u00e9travail<\/a><\/p>\n<p><a href=\"https:\/\/unsa-administratifs.org\/wp-content\/uploads\/2022\/11\/Fiche-Emploi-Fonctionnel.pdf\">L&#8217;emploi Fonctionnel<\/a><\/p>\n<p><a href=\"https:\/\/unsa-administratifs.org\/wp-content\/uploads\/2022\/10\/Fiche-Recours-administratifs.pdf\">Recours administratifs<\/a><\/p>\n<p><a href=\"https:\/\/unsa-administratifs.org\/wp-content\/uploads\/2021\/03\/Fiche-CAP-CCP-nouveau-role.pdf\">CAP et CCP, le nouveau r\u00f4le<\/a><\/p>\n<p><a href=\"https:\/\/unsa-administratifs.org\/wp-content\/uploads\/2023\/09\/Fiche-Jour-de-Carence-1.pdf\">Jour de carence<\/a><\/p>\n<p><a href=\"https:\/\/unsa-administratifs.org\/wp-content\/uploads\/2022\/09\/Fiche-Frais-de-Changement-de-Residence.pdf\">Frais de Changement de R\u00e9sidence<\/a><\/p>\n<p><a href=\"https:\/\/unsa-administratifs.org\/wp-content\/uploads\/2022\/09\/Fiche-NBI.pdf\">Nouvelle bonification indiciaire<\/a><\/p>\n<p><a href=\"https:\/\/unsa-administratifs.org\/wp-content\/uploads\/2022\/05\/Fiche-ARRETS-MALADIE-et-Retraites_10.05.2022-2.pdf\">Arr\u00eats de maladie et retraite<\/a><\/p>\n","protected":false},"excerpt":{"rendered":"<p>L&rsquo;UNSA-Administratifs vous informe r\u00e9guli\u00e8rement par l\u2019interm\u00e9diaire de fiches th\u00e9matiques. Ces fiches int\u00e8grent l&rsquo;\u00e9volution de la r\u00e9glementation impactant votre vie professionnelle au quotidien. Elles sont mises \u00e0 jour r\u00e9guli\u00e8rement pour vous permettre d&rsquo;avoir une information pertinente et d&rsquo;actualit\u00e9. Pour acc\u00e9der \u00e0 nos fiches \u00ab\u00a0C\u00e9 koi \u00e7a ?\u00a0\u00bb, cliquer sur les liens ci-dessous : Accident du travail &hellip; <a href=\"https:\/\/unsa-administratifs.org\/?page_id=1652\" class=\"more-link\">Continuer la lecture de <span class=\"screen-reader-text\">Fiches \u00ab\u00a0C\u00e9 koi \u00e7a ?\u00a0\u00bb<\/span> <span class=\"meta-nav\">&rarr;<\/span><\/a><\/p>\n","protected":false},"author":3,"featured_media":0,"parent":0,"menu_order":0,"comment_status":"closed","ping_status":"closed","template":"","meta":{"footnotes":""},"class_list":["post-1652","page","type-page","status-publish","hentry"],"aioseo_notices":[],"_links":{"self":[{"href":"https:\/\/unsa-administratifs.org\/index.php?rest_route=\/wp\/v2\/pages\/1652","targetHints":{"allow":["GET"]}}],"collection":[{"href":"https:\/\/unsa-administratifs.org\/index.php?rest_route=\/wp\/v2\/pages"}],"about":[{"href":"https:\/\/unsa-administratifs.org\/index.php?rest_route=\/wp\/v2\/types\/page"}],"author":[{"embeddable":true,"href":"https:\/\/unsa-administratifs.org\/index.php?rest_route=\/wp\/v2\/users\/3"}],"replies":[{"embeddable":true,"href":"https:\/\/unsa-administratifs.org\/index.php?rest_route=%2Fwp%2Fv2%2Fcomments&post=1652"}],"version-history":[{"count":58,"href":"https:\/\/unsa-administratifs.org\/index.php?rest_route=\/wp\/v2\/pages\/1652\/revisions"}],"predecessor-version":[{"id":3573,"href":"https:\/\/unsa-administratifs.org\/index.php?rest_route=\/wp\/v2\/pages\/1652\/revisions\/3573"}],"wp:attachment":[{"href":"https:\/\/unsa-administratifs.org\/index.php?rest_route=%2Fwp%2Fv2%2Fmedia&parent=1652"}],"curies":[{"name":"wp","href":"https:\/\/api.w.org\/{rel}","templated":true}]}}