{"id":92,"date":"2014-10-02T10:38:16","date_gmt":"2014-10-02T09:38:16","guid":{"rendered":"http:\/\/unsa-administratifs.org\/?page_id=92"},"modified":"2025-11-22T12:21:25","modified_gmt":"2025-11-22T11:21:25","slug":"contacts","status":"publish","type":"page","link":"https:\/\/unsa-administratifs.org\/?page_id=92","title":{"rendered":"****Vos repr\u00e9sentants****"},"content":{"rendered":"<h2 style=\"text-align: left;\"><span style=\"color: #000000;\">l&rsquo;UNS<span style=\"color: #ff0000;\">A<\/span>-Administratifs\u00a0\u00a0\u00a0 <\/span><img loading=\"lazy\" decoding=\"async\" class=\"alignnone  wp-image-3668\" src=\"https:\/\/unsa-administratifs.org\/wp-content\/uploads\/2025\/11\/signal-2025-11-21-17-33-29-195-225x300.jpg\" alt=\"\" width=\"153\" height=\"204\" srcset=\"https:\/\/unsa-administratifs.org\/wp-content\/uploads\/2025\/11\/signal-2025-11-21-17-33-29-195-225x300.jpg 225w, https:\/\/unsa-administratifs.org\/wp-content\/uploads\/2025\/11\/signal-2025-11-21-17-33-29-195-811x1081.jpg 811w, https:\/\/unsa-administratifs.org\/wp-content\/uploads\/2025\/11\/signal-2025-11-21-17-33-29-195-768x1024.jpg 768w, https:\/\/unsa-administratifs.org\/wp-content\/uploads\/2025\/11\/signal-2025-11-21-17-33-29-195-1152x1536.jpg 1152w, https:\/\/unsa-administratifs.org\/wp-content\/uploads\/2025\/11\/signal-2025-11-21-17-33-29-195.jpg 1200w\" sizes=\"auto, (max-width: 153px) 100vw, 153px\" \/><\/h2>\n<p><em><strong>\u00a0\u00a0\u00a0\u00a0\u00a0\u00a0\u00a0\u00a0\u00a0\u00a0\u00a0\u00a0\u00a0\u00a0\u00a0\u00a0\u00a0\u00a0\u00a0\u00a0\u00a0\u00a0\u00a0\u00a0\u00a0\u00a0\u00a0\u00a0\u00a0\u00a0\u00a0\u00a0\u00a0\u00a0\u00a0\u00a0\u00a0\u00a0\u00a0\u00a0\u00a0\u00a0\u00a0\u00a0\u00a0\u00a0\u00a0\u00a0\u00a0\u00a0\u00a0\u00a0\u00a0 \u00a0\u00a0\u00a0\u00a0\u00a0\u00a0\u00a0\u00a0\u00a0\u00a0\u00a0\u00a0\u00a0\u00a0\u00a0\u00a0\u00a0\u00a0\u00a0\u00a0\u00a0\u00a0\u00a0\u00a0 \u00a0 \u00a0 \u00a0 \u00a0 \u00a0 \u00a0 \u00a0 \u00a0 Gilles GRALL \/ <\/strong>Secr\u00e9taire g\u00e9n\u00e9ral\u00a0\u00a0\u00a0\u00a0\u00a0 \u00a0 \u00a0 \u00a0 \u00a0 \u00a0<\/em><em> \u00a0\u00a0\u00a0\u00a0\u00a0\u00a0\u00a0\u00a0\u00a0\u00a0\u00a0\u00a0\u00a0\u00a0\u00a0\u00a0\u00a0\u00a0\u00a0\u00a0\u00a0\u00a0\u00a0\u00a0\u00a0\u00a0\u00a0\u00a0\u00a0\u00a0\u00a0\u00a0\u00a0\u00a0\u00a0\u00a0\u00a0\u00a0\u00a0\u00a0\u00a0\u00a0\u00a0\u00a0\u00a0\u00a0\u00a0\u00a0\u00a0\u00a0\u00a0\u00a0\u00a0\u00a0\u00a0\u00a0\u00a0\u00a0\u00a0\u00a0\u00a0\u00a0\u00a0\u00a0\u00a0\u00a0\u00a0\u00a0\u00a0\u00a0\u00a0\u00a0\u00a0\u00a0\u00a0\u00a0\u00a0\u00a0\u00a0\u00a0\u00a0 Repr\u00e9sentant DGAC \u00e0 la CAP de la cat\u00e9gorie B\u00a0\u00a0\u00a0\u00a0\u00a0 \u00a0 \u00a0 \u00a0 \u00a0 \u00a0 \u00a0 \u00a0 \u00a0 \u00a0 \u00a0 \u00a0 \u00a0 \u00a0 \u00a0 \u00a0 \u00a0 \u00a0 \u00a0 \u00a0 \u00a0 \u00a0 \u00a0 \u00a0 \u00a0 \u00a0 \u00a0 \u00a0 \u00a0 \u00a0 \u00a0 \u00a0 \u00a0 \u00a0 \u00a0 \u00a0 \u00a0 \u00a0 \u00a0 \u00a0 \u00a0 \u00a0 \u00a0 \u00a0 \u00a0 \u00a0 \u00a0 \u00a0 \u00a0 \u00a0 \u00a0 \u00a0 \u00a0 \u00a0 \u00a0 \u00a0 \u00a0 \u00a0 \u00a0 \u00a0 \u00a0\u00a0\u00a0 du minist\u00e8re \u00a0\u00a0 \u00a0 \u00a0 \u00a0\u00a0\u00a0\u00a0\u00a0\u00a0\u00a0\u00a0\u00a0\u00a0\u00a0\u00a0\u00a0\u00a0\u00a0\u00a0\u00a0\u00a0\u00a0\u00a0\u00a0\u00a0\u00a0\u00a0\u00a0\u00a0\u00a0\u00a0\u00a0\u00a0\u00a0\u00a0\u00a0\u00a0\u00a0\u00a0\u00a0\u00a0\u00a0\u00a0\u00a0\u00a0\u00a0\u00a0\u00a0\u00a0\u00a0\u00a0\u00a0\u00a0\u00a0\u00a0\u00a0\u00a0\u00a0\u00a0\u00a0\u00a0\u00a0\u00a0\u00a0\u00a0\u00a0\u00a0\u00a0\u00a0\u00a0\u00a0\u00a0\u00a0\u00a0\u00a0\u00a0\u00a0\u00a0\u00a0\u00a0\u00a0\u00a0\u00a0\u00a0\u00a0\u00a0\u00a0\u00a0\u00a0\u00a0\u00a0\u00a0\u00a0\u00a0\u00a0\u00a0\u00a0\u00a0\u00a0\u00a0\u00a0\u00a0\u00a0\u00a0\u00a0\u00a0\u00a0\u00a0\u00a0\u00a0\u00a0\u00a0\u00a0 <\/em>02.98.37.31.33<\/p>\n<p><img loading=\"lazy\" decoding=\"async\" class=\"alignnone wp-image-3114\" src=\"https:\/\/unsa-administratifs.org\/wp-content\/uploads\/2023\/01\/Ronan-LUCAS-2023-225x300.jpg\" alt=\"\" width=\"152\" height=\"203\" srcset=\"https:\/\/unsa-administratifs.org\/wp-content\/uploads\/2023\/01\/Ronan-LUCAS-2023-225x300.jpg 225w, https:\/\/unsa-administratifs.org\/wp-content\/uploads\/2023\/01\/Ronan-LUCAS-2023-811x1081.jpg 811w, https:\/\/unsa-administratifs.org\/wp-content\/uploads\/2023\/01\/Ronan-LUCAS-2023-768x1024.jpg 768w, https:\/\/unsa-administratifs.org\/wp-content\/uploads\/2023\/01\/Ronan-LUCAS-2023-1152x1536.jpg 1152w, https:\/\/unsa-administratifs.org\/wp-content\/uploads\/2023\/01\/Ronan-LUCAS-2023-1536x2048.jpg 1536w, https:\/\/unsa-administratifs.org\/wp-content\/uploads\/2023\/01\/Ronan-LUCAS-2023-1320x1760.jpg 1320w, https:\/\/unsa-administratifs.org\/wp-content\/uploads\/2023\/01\/Ronan-LUCAS-2023-scaled.jpg 1920w\" sizes=\"auto, (max-width: 152px) 100vw, 152px\" \/> \u00a0\u00a0\u00a0\u00a0\u00a0\u00a0\u00a0\u00a0\u00a0\u00a0\u00a0 \u00a0 \u00a0 \u00a0 \u00a0 \u00a0 \u00a0 \u00a0 \u00a0 \u00a0 \u00a0\u00a0 \u00a0 \u00a0 \u00a0 \u00a0 \u00a0 \u00a0 \u00a0 \u00a0\u00a0 \u00a0\u00a0\u00a0\u00a0 <img loading=\"lazy\" decoding=\"async\" class=\"alignnone wp-image-1996\" src=\"https:\/\/unsa-administratifs.org\/wp-content\/uploads\/2018\/10\/Anthony.2-1-e1539250429542-225x300.jpg\" alt=\"\" width=\"160\" height=\"213\" srcset=\"https:\/\/unsa-administratifs.org\/wp-content\/uploads\/2018\/10\/Anthony.2-1-e1539250429542-225x300.jpg 225w, https:\/\/unsa-administratifs.org\/wp-content\/uploads\/2018\/10\/Anthony.2-1-e1539250429542-768x1024.jpg 768w, https:\/\/unsa-administratifs.org\/wp-content\/uploads\/2018\/10\/Anthony.2-1-e1539250429542-1320x1760.jpg 1320w, https:\/\/unsa-administratifs.org\/wp-content\/uploads\/2018\/10\/Anthony.2-1-e1539250429542.jpg 1512w\" sizes=\"auto, (max-width: 160px) 100vw, 160px\" \/><br \/>\n<em><strong>\u00a0 \u00a0 \u00a0 \u00a0 Ronan LUCAS<\/strong><\/em>\u00a0 \u00a0 \u00a0 \u00a0 \u00a0 \u00a0 \u00a0 \u00a0 \u00a0 \u00a0 \u00a0 \u00a0 \u00a0 \u00a0 \u00a0 \u00a0 \u00a0 \u00a0 \u00a0 \u00a0 \u00a0 \u00a0 \u00a0 \u00a0 \u00a0 \u00a0 \u00a0 \u00a0 \u00a0 \u00a0\u00a0\u00a0\u00a0\u00a0 \u00a0\u00a0 \u00a0\u00a0 <em><strong>Anthony GERARD<\/strong>\u00a0<\/em>\u00a0 \u00a0 \u00a0\u00a0 \u00a0 \u00a0 \u00a0 \u00a0 \u00a0 \u00a0\u00a0 \u00a0 \u00a0 \u00a0 \u00a0\u00a0\u00a0\u00a0\u00a0\u00a0\u00a0\u00a0\u00a0\u00a0\u00a0\u00a0\u00a0 \u00a0 \u00a0 \u00a0 \u00a0 \u00a0 Secr\u00e9taire national\u00a0 \u00a0 \u00a0 \u00a0 \u00a0 \u00a0 \u00a0 \u00a0 \u00a0 \u00a0 \u00a0 \u00a0 \u00a0\u00a0 \u00a0\u00a0\u00a0\u00a0\u00a0\u00a0 \u00a0 \u00a0 \u00a0 \u00a0\u00a0 \u00a0\u00a0\u00a0\u00a0\u00a0\u00a0\u00a0 \u00a0 \u00a0 \u00a0 \u00a0\u00a0\u00a0 Secr\u00e9taire national \u00a0 \u00a0 \u00a0 \u00a0 \u00a0 \u00a0 \u00a0 \u00a0 \u00a0 \u00a0 \u00a0 \u00a0 \u00a0 \u00a0\u00a0\u00a0\u00a0\u00a0\u00a0\u00a0\u00a0\u00a0 \u00a0 \u00a0 \u00a0\u00a0 <em>(administrateur du site&#8230;)<\/em> \u00a0 \u00a0 \u00a0 \u00a0\u00a0\u00a0\u00a0\u00a0\u00a0\u00a0\u00a0\u00a0\u00a0\u00a0\u00a0\u00a0\u00a0\u00a0\u00a0\u00a0\u00a0\u00a0\u00a0\u00a0\u00a0\u00a0\u00a0\u00a0\u00a0\u00a0\u00a0\u00a0\u00a0\u00a0\u00a0\u00a0\u00a0\u00a0\u00a0\u00a0 \u00a0 \u00a0 \u00a0 \u00a0 \u00a0\u00a0 02.98.37.31.30\u00a0 \u00a0 \u00a0 \u00a0 \u00a0 \u00a0 \u00a0 \u00a0 \u00a0 \u00a0 \u00a0 \u00a0 \u00a0\u00a0 \u00a0 \u00a0 \u00a0 \u00a0 \u00a0 \u00a0 \u00a0 \u00a0 \u00a0 \u00a0 \u00a0 \u00a0 \u00a0\u00a0\u00a0\u00a0\u00a0 \u00a0\u00a0 02.98.37.31.31<\/p>\n<p><img loading=\"lazy\" decoding=\"async\" class=\"alignnone wp-image-1950\" src=\"https:\/\/unsa-administratifs.org\/wp-content\/uploads\/2018\/10\/Jean-Marie-LUCAS-225x300.jpg\" alt=\"\" width=\"155\" height=\"207\" srcset=\"https:\/\/unsa-administratifs.org\/wp-content\/uploads\/2018\/10\/Jean-Marie-LUCAS-225x300.jpg 225w, https:\/\/unsa-administratifs.org\/wp-content\/uploads\/2018\/10\/Jean-Marie-LUCAS-768x1024.jpg 768w, https:\/\/unsa-administratifs.org\/wp-content\/uploads\/2018\/10\/Jean-Marie-LUCAS-1320x1760.jpg 1320w, https:\/\/unsa-administratifs.org\/wp-content\/uploads\/2018\/10\/Jean-Marie-LUCAS.jpg 1512w\" sizes=\"auto, (max-width: 155px) 100vw, 155px\" \/> \u00a0 \u00a0 \u00a0 \u00a0 \u00a0 \u00a0 \u00a0 \u00a0 \u00a0 \u00a0 \u00a0 \u00a0 \u00a0 \u00a0 \u00a0 \u00a0 \u00a0 \u00a0 \u00a0 \u00a0 \u00a0\u00a0\u00a0\u00a0\u00a0\u00a0\u00a0\u00a0\u00a0\u00a0\u00a0\u00a0\u00a0\u00a0\u00a0 <img loading=\"lazy\" decoding=\"async\" class=\"alignnone wp-image-3088\" src=\"https:\/\/unsa-administratifs.org\/wp-content\/uploads\/2023\/01\/Herve-MILLON.1.png\" alt=\"\" width=\"154\" height=\"181\" \/><\/p>\n<p><em><strong>\u00a0\u00a0\u00a0 \u00a0 Jean-Marie LUCAS\u00a0\u00a0\u00a0\u00a0\u00a0\u00a0\u00a0\u00a0\u00a0\u00a0\u00a0\u00a0\u00a0\u00a0\u00a0\u00a0\u00a0\u00a0\u00a0\u00a0\u00a0\u00a0\u00a0\u00a0\u00a0\u00a0\u00a0\u00a0\u00a0\u00a0\u00a0\u00a0\u00a0\u00a0\u00a0\u00a0\u00a0\u00a0\u00a0\u00a0\u00a0\u00a0\u00a0\u00a0\u00a0\u00a0\u00a0\u00a0\u00a0\u00a0\u00a0\u00a0\u00a0\u00a0\u00a0\u00a0\u00a0\u00a0\u00a0\u00a0\u00a0\u00a0\u00a0\u00a0\u00a0 \u00a0\u00a0 Herv\u00e9 MILON\u00a0\u00a0\u00a0\u00a0\u00a0\u00a0\u00a0\u00a0 \u00a0\u00a0\u00a0\u00a0 \u00a0 \u00a0 \u00a0 \u00a0 \u00a0 \u00a0 \u00a0 \u00a0 \u00a0 \u00a0 \u00a0 \u00a0 \u00a0 \u00a0 \u00a0 \u00a0 \u00a0 \u00a0\u00a0\u00a0\u00a0\u00a0\u00a0 <\/strong>Tr\u00e9sorier national \u00a0\u00a0\u00a0\u00a0\u00a0\u00a0\u00a0\u00a0\u00a0\u00a0\u00a0\u00a0\u00a0\u00a0\u00a0\u00a0\u00a0\u00a0\u00a0\u00a0\u00a0\u00a0\u00a0\u00a0\u00a0\u00a0\u00a0\u00a0\u00a0\u00a0\u00a0\u00a0\u00a0\u00a0\u00a0\u00a0\u00a0\u00a0\u00a0\u00a0 \u00a0 \u00a0 \u00a0 \u00a0 \u00a0 \u00a0\u00a0\u00a0\u00a0\u00a0 <\/em><em>Tr\u00e9sorier national adjoint<strong> \u00a0 \u00a0 \u00a0 \u00a0 \u00a0 \u00a0 \u00a0 \u00a0\u00a0 \u00a0\u00a0\u00a0\u00a0\u00a0\u00a0\u00a0\u00a0\u00a0\u00a0\u00a0\u00a0\u00a0\u00a0 \u00a0 \u00a0 \u00a0 \u00a0 \u00a0 <\/strong><\/em>\u00a0 \u00a0 01.49.92.74.24 \u00a0\u00a0\u00a0\u00a0\u00a0\u00a0\u00a0\u00a0\u00a0\u00a0\u00a0\u00a0\u00a0\u00a0\u00a0\u00a0\u00a0\u00a0\u00a0\u00a0\u00a0\u00a0\u00a0\u00a0\u00a0\u00a0\u00a0\u00a0\u00a0\u00a0\u00a0\u00a0\u00a0\u00a0\u00a0\u00a0\u00a0\u00a0\u00a0\u00a0\u00a0\u00a0\u00a0\u00a0 \u00a0 \u00a0 \u00a0 \u00a0 \u00a0 \u00a0 \u00a0 \u00a0 \u00a0 \u00a0 \u00a0\u00a0 \u00a0 \u00a0\u00a0 <span class=\"TexteLinkValue\">01.58.09.46.08<\/span><em><strong> \u00a0\u00a0\u00a0\u00a0 \u00a0 \u00a0 \u00a0 \u00a0 \u00a0 \u00a0 \u00a0 \u00a0 \u00a0 \u00a0 \u00a0 \u00a0 \u00a0\u00a0 \u00a0\u00a0\u00a0 <\/strong><\/em><\/p>\n<p>Courriel : <a title=\"adresse mail\" href=\"mailto:unsa-administratifs-bf@aviation-civile.gouv.fr\">unsa-administratifs-bf@aviation-civile.gouv.fr<\/a><\/p>\n<hr \/>\n<h4 style=\"text-align: center;\">Conseil ex\u00e9cutif en appui du bureau national<\/h4>\n<p><img loading=\"lazy\" decoding=\"async\" class=\"alignnone wp-image-3504\" src=\"https:\/\/unsa-administratifs.org\/wp-content\/uploads\/2025\/01\/Florence-LECOUSTRE-225x300.jpg\" alt=\"\" width=\"170\" height=\"227\" srcset=\"https:\/\/unsa-administratifs.org\/wp-content\/uploads\/2025\/01\/Florence-LECOUSTRE-225x300.jpg 225w, https:\/\/unsa-administratifs.org\/wp-content\/uploads\/2025\/01\/Florence-LECOUSTRE-811x1081.jpg 811w, https:\/\/unsa-administratifs.org\/wp-content\/uploads\/2025\/01\/Florence-LECOUSTRE-768x1024.jpg 768w, https:\/\/unsa-administratifs.org\/wp-content\/uploads\/2025\/01\/Florence-LECOUSTRE-1152x1536.jpg 1152w, https:\/\/unsa-administratifs.org\/wp-content\/uploads\/2025\/01\/Florence-LECOUSTRE-1320x1760.jpg 1320w, https:\/\/unsa-administratifs.org\/wp-content\/uploads\/2025\/01\/Florence-LECOUSTRE.jpg 1512w\" sizes=\"auto, (max-width: 170px) 100vw, 170px\" \/> \u00a0 \u00a0 \u00a0 \u00a0 \u00a0 \u00a0 <img loading=\"lazy\" decoding=\"async\" class=\"alignnone wp-image-2699\" src=\"https:\/\/unsa-administratifs.org\/wp-content\/uploads\/2021\/09\/Corrine-BELAT-225x300.jpg\" alt=\"\" width=\"166\" height=\"222\" srcset=\"https:\/\/unsa-administratifs.org\/wp-content\/uploads\/2021\/09\/Corrine-BELAT-225x300.jpg 225w, https:\/\/unsa-administratifs.org\/wp-content\/uploads\/2021\/09\/Corrine-BELAT-811x1081.jpg 811w, https:\/\/unsa-administratifs.org\/wp-content\/uploads\/2021\/09\/Corrine-BELAT-768x1024.jpg 768w, https:\/\/unsa-administratifs.org\/wp-content\/uploads\/2021\/09\/Corrine-BELAT-1152x1536.jpg 1152w, https:\/\/unsa-administratifs.org\/wp-content\/uploads\/2021\/09\/Corrine-BELAT-1536x2048.jpg 1536w, https:\/\/unsa-administratifs.org\/wp-content\/uploads\/2021\/09\/Corrine-BELAT-1320x1760.jpg 1320w, https:\/\/unsa-administratifs.org\/wp-content\/uploads\/2021\/09\/Corrine-BELAT-scaled.jpg 1920w\" sizes=\"auto, (max-width: 166px) 100vw, 166px\" \/> \u00a0 \u00a0 \u00a0 \u00a0 \u00a0\u00a0\u00a0\u00a0 <img loading=\"lazy\" decoding=\"async\" class=\"alignnone wp-image-2791\" src=\"https:\/\/unsa-administratifs.org\/wp-content\/uploads\/2022\/03\/Marie-LACROIX-GUILHEM-2-225x300.jpg\" alt=\"\" width=\"165\" height=\"220\" srcset=\"https:\/\/unsa-administratifs.org\/wp-content\/uploads\/2022\/03\/Marie-LACROIX-GUILHEM-2-225x300.jpg 225w, https:\/\/unsa-administratifs.org\/wp-content\/uploads\/2022\/03\/Marie-LACROIX-GUILHEM-2-811x1081.jpg 811w, https:\/\/unsa-administratifs.org\/wp-content\/uploads\/2022\/03\/Marie-LACROIX-GUILHEM-2-768x1024.jpg 768w, https:\/\/unsa-administratifs.org\/wp-content\/uploads\/2022\/03\/Marie-LACROIX-GUILHEM-2.jpg 960w\" sizes=\"auto, (max-width: 165px) 100vw, 165px\" \/><\/p>\n<p><strong><em>\u00a0\u00a0\u00a0\u00a0 \u00a0 Florence LECOUSTRE<\/em><\/strong> \u00a0 \u00a0 \u00a0 \u00a0 \u00a0 \u00a0 \u00a0 \u00a0 \u00a0 \u00a0 \u00a0\u00a0 <em><strong>Corinne BELAT\u00a0<\/strong> <strong>\u00a0\u00a0\u00a0\u00a0\u00a0\u00a0\u00a0\u00a0\u00a0\u00a0\u00a0\u00a0\u00a0\u00a0\u00a0\u00a0 \u00a0 \u00a0 \u00a0 <\/strong><strong>Marie LACROIX-GUILHEM \u00a0 \u00a0 \u00a0 \u00a0 \u00a0 \u00a0 \u00a0 \u00a0 <span class=\"TexteLinkValue\">01.74.37.89.11 \u00a0 \u00a0 \u00a0 \u00a0 \u00a0 \u00a0 \u00a0 \u00a0 \u00a0 \u00a0 \u00a0 \u00a0 \u00a0 \u00a0 \u00a0\u00a0\u00a0 01.58.09.46.09 \u00a0 \u00a0 \u00a0 \u00a0 \u00a0 \u00a0 \u00a0 \u00a0 \u00a0 \u00a0 \u00a0 \u00a0 \u00a0 \u00a0 \u00a0 \u00a0\u00a0 05.62.14.51.25<\/span><\/strong><\/em><\/p>\n<hr \/>\n<h5 style=\"text-align: center;\"><em><strong>CAP\u00a0 minist\u00e9rielle des <\/strong>personnels de la cat\u00e9gorie B<br \/>\n<\/em><\/h5>\n<p><img loading=\"lazy\" decoding=\"async\" class=\" wp-image-3086 aligncenter\" src=\"https:\/\/unsa-administratifs.org\/wp-content\/uploads\/2023\/01\/Passation-de-suite-en-CAP-des-ASAAC-au-ministere-300x225.jpg\" alt=\"\" width=\"251\" height=\"188\" srcset=\"https:\/\/unsa-administratifs.org\/wp-content\/uploads\/2023\/01\/Passation-de-suite-en-CAP-des-ASAAC-au-ministere-300x225.jpg 300w, https:\/\/unsa-administratifs.org\/wp-content\/uploads\/2023\/01\/Passation-de-suite-en-CAP-des-ASAAC-au-ministere-768x576.jpg 768w, https:\/\/unsa-administratifs.org\/wp-content\/uploads\/2023\/01\/Passation-de-suite-en-CAP-des-ASAAC-au-ministere.jpg 1280w\" sizes=\"auto, (max-width: 251px) 100vw, 251px\" \/><\/p>\n<p><em><strong>\u00a0\u00a0\u00a0\u00a0\u00a0\u00a0\u00a0 Jean-Claude PAYET<\/strong><\/em> (SG-SIR\/O)\u00a0\u00a0\u00a0\u00a0\u00a0\u00a0\u00a0\u00a0\u00a0\u00a0\u00a0\u00a0\u00a0\u00a0\u00a0\u00a0\u00a0 \u00a0 \u00a0 \u00a0 \u00a0 \u00a0 \u00a0 \u00a0\u00a0 <em><strong>Gilles GRALL<\/strong><\/em> (SG-SIR\/O)\u00a0\u00a0\u00a0\u00a0 \u00a0 \u00a0 \u00a0 \u00a0 \u00a0 \u00a0 \u00a0\u00a0 \u00a0 \u00a0 Ancien titulaire \u00e0 la <strong>CAP des assistants\u00a0\u00a0\u00a0\u00a0\u00a0\u00a0\u00a0\u00a0\u00a0\u00a0\u00a0\u00a0\u00a0\u00a0\u00a0\u00a0\u00a0\u00a0\u00a0\u00a0 <\/strong>Nouveau titulaire \u00e0 la <strong> CAP<\/strong>\u00a0<strong> \u00a0\u00a0\u00a0\u00a0\u00a0\u00a0\u00a0\u00a0\u00a0\u00a0\u00a0\u00a0\u00a0\u00a0\u00a0\u00a0\u00a0\u00a0\u00a0\u00a0\u00a0\u00a0\u00a0\u00a0\u00a0\u00a0\u00a0\u00a0\u00a0\u00a0\u00a0\u00a0\u00a0\u00a0\u00a0\u00a0\u00a0\u00a0\u00a0\u00a0\u00a0\u00a0\u00a0\u00a0\u00a0\u00a0\u00a0\u00a0\u00a0\u00a0\u00a0\u00a0\u00a0\u00a0\u00a0\u00a0\u00a0\u00a0\u00a0\u00a0\u00a0\u00a0\u00a0\u00a0\u00a0\u00a0\u00a0\u00a0\u00a0\u00a0\u00a0\u00a0\u00a0\u00a0\u00a0\u00a0\u00a0\u00a0\u00a0\u00a0\u00a0\u00a0\u00a0\u00a0\u00a0\u00a0\u00a0\u00a0\u00a0\u00a0\u00a0\u00a0\u00a0\u00a0\u00a0\u00a0 des personnels de la cat\u00e9gorie B \u00a0\u00a0\u00a0\u00a0\u00a0\u00a0\u00a0\u00a0\u00a0\u00a0\u00a0\u00a0\u00a0\u00a0\u00a0\u00a0\u00a0\u00a0\u00a0\u00a0\u00a0\u00a0\u00a0\u00a0\u00a0\u00a0\u00a0\u00a0\u00a0\u00a0\u00a0\u00a0\u00a0\u00a0\u00a0\u00a0\u00a0\u00a0\u00a0\u00a0\u00a0\u00a0\u00a0\u00a0\u00a0\u00a0\u00a0\u00a0\u00a0\u00a0\u00a0\u00a0\u00a0\u00a0\u00a0\u00a0\u00a0\u00a0\u00a0\u00a0\u00a0\u00a0\u00a0\u00a0\u00a0\u00a0\u00a0\u00a0\u00a0\u00a0\u00a0\u00a0\u00a0\u00a0\u00a0\u00a0\u00a0\u00a0 <\/strong><strong>(seul repr\u00e9sentant assistant de la DGAC <\/strong><strong>parmi<\/strong>\u00a0 \u00a0 \u00a0 \u00a0 \u00a0 \u00a0 \u00a0 \u00a0 \u00a0 \u00a0 \u00a0 \u00a0 \u00a0 \u00a0 \u00a0 \u00a0 \u00a0 \u00a0 \u00a0 \u00a0 \u00a0 \u00a0 \u00a0 \u00a0 \u00a0 \u00a0 \u00a0 \u00a0 \u00a0 \u00a0 \u00a0 \u00a0 \u00a0 \u00a0 \u00a0 \u00a0 \u00a0 \u00a0 \u00a0 \u00a0 \u00a0 \u00a0 \u00a0 \u00a0 \u00a0 \u00a0 \u00a0 \u00a0 \u00a0 \u00a0 \u00a0 \u00a0\u00a0 <strong>tous les syndicats rep\u00e9sentatifs)<\/strong> \u00a0\u00a0\u00a0\u00a0\u00a0\u00a0\u00a0\u00a0\u00a0\u00a0\u00a0\u00a0\u00a0\u00a0\u00a0\u00a0\u00a0\u00a0\u00a0\u00a0\u00a0\u00a0\u00a0\u00a0\u00a0\u00a0\u00a0\u00a0\u00a0\u00a0\u00a0\u00a0\u00a0\u00a0\u00a0\u00a0\u00a0\u00a0\u00a0\u00a0\u00a0\u00a0\u00a0\u00a0\u00a0\u00a0\u00a0\u00a0\u00a0\u00a0\u00a0\u00a0\u00a0\u00a0\u00a0\u00a0\u00a0\u00a0\u00a0\u00a0\u00a0\u00a0\u00a0\u00a0\u00a0\u00a0\u00a0\u00a0\u00a0\u00a0\u00a0\u00a0\u00a0\u00a0\u00a0\u00a0\u00a0\u00a0\u00a0\u00a0\u00a0\u00a0\u00a0\u00a0\u00a0\u00a0\u00a0\u00a0\u00a0\u00a0\u00a0\u00a0\u00a0\u00a0\u00a0\u00a0\u00a0\u00a0\u00a0\u00a0\u00a0\u00a0\u00a0\u00a0\u00a0\u00a0\u00a0\u00a0\u00a0\u00a0\u00a0\u00a0\u00a0\u00a0 02.98.37.31.33<\/p>\n<hr \/>\n<h3 style=\"text-align: center;\">Comit\u00e9 Social d&rsquo;Administration de r\u00e9seau de la DGAC (CSA-R)<\/h3>\n<p style=\"text-align: center;\"><b>\u00a0\u00a0\u00a0\u00a0\u00a0\u00a0\u00a0\u00a0\u00a0\u00a0\u00a0\u00a0\u00a0\u00a0\u00a0\u00a0\u00a0\u00a0\u00a0\u00a0\u00a0\u00a0\u00a0\u00a0\u00a0\u00a0\u00a0\u00a0\u00a0\u00a0\u00a0\u00a0\u00a0\u00a0\u00a0\u00a0\u00a0\u00a0\u00a0\u00a0\u00a0\u00a0\u00a0\u00a0 Gilles GRALL<\/b>, membre suppl\u00e9ant pour la partie CSA\u00a0\u00a0\u00a0\u00a0\u00a0\u00a0\u00a0\u00a0\u00a0\u00a0\u00a0\u00a0\u00a0\u00a0\u00a0\u00a0\u00a0\u00a0\u00a0\u00a0\u00a0\u00a0 \u00a0\u00a0\u00a0\u00a0\u00a0\u00a0\u00a0\u00a0\u00a0\u00a0\u00a0\u00a0\u00a0 02.98.37.31.33<\/p>\n<hr \/>\n<div class=\"XbIp4 jmmB7 GNqVo yxtKT allowTextSelection\" tabindex=\"-1\" role=\"region\" aria-label=\"Corps du message\">\n<div>\n<div class=\"rps_b0a\">\n<div dir=\"auto\">\n<h3 dir=\"ltr\" style=\"text-align: center;\">Comit\u00e9 Social d&rsquo;Administration du Service Central de R\u00e9seau\u00a0(CSA-SCR)<\/h3>\n<div dir=\"ltr\"><b>Gilles GRALL<\/b> (02.98.37.31.33) et <b>Florence LECOUSTRE <\/b>(<span class=\"TexteLinkValue\">01.74.37 89.11<\/span>), \u00e9lus titulaires<\/div>\n<\/div>\n<\/div>\n<\/div>\n<\/div>\n<div dir=\"ltr\"><\/div>\n<div class=\"XbIp4 jmmB7 GNqVo yxtKT allowTextSelection\" tabindex=\"-1\" role=\"region\" aria-label=\"Corps du message\">\n<div>\n<div class=\"rps_b0a\">\n<div dir=\"auto\">\n<div dir=\"ltr\" style=\"text-align: left;\">\u00a0\u00a0 \u00a0 \u00a0\u00a0 \u00a0 \u00a0 \u00a0 \u00a0 \u00a0 \u00a0 \u00a0 \u00a0\u00a0\u00a0\u00a0\u00a0 <img loading=\"lazy\" decoding=\"async\" class=\"alignnone wp-image-3588\" src=\"https:\/\/unsa-administratifs.org\/wp-content\/uploads\/2025\/09\/Louise-BOUVIER-225x300.jpg\" alt=\"\" width=\"142\" height=\"189\" srcset=\"https:\/\/unsa-administratifs.org\/wp-content\/uploads\/2025\/09\/Louise-BOUVIER-225x300.jpg 225w, https:\/\/unsa-administratifs.org\/wp-content\/uploads\/2025\/09\/Louise-BOUVIER-811x1081.jpg 811w, https:\/\/unsa-administratifs.org\/wp-content\/uploads\/2025\/09\/Louise-BOUVIER-768x1024.jpg 768w, https:\/\/unsa-administratifs.org\/wp-content\/uploads\/2025\/09\/Louise-BOUVIER-1152x1536.jpg 1152w, https:\/\/unsa-administratifs.org\/wp-content\/uploads\/2025\/09\/Louise-BOUVIER-1320x1760.jpg 1320w, https:\/\/unsa-administratifs.org\/wp-content\/uploads\/2025\/09\/Louise-BOUVIER.jpg 1512w\" sizes=\"auto, (max-width: 142px) 100vw, 142px\" \/> \u00a0\u00a0\u00a0\u00a0\u00a0\u00a0\u00a0\u00a0\u00a0\u00a0\u00a0\u00a0\u00a0\u00a0\u00a0\u00a0\u00a0\u00a0\u00a0\u00a0\u00a0\u00a0\u00a0\u00a0\u00a0\u00a0\u00a0\u00a0\u00a0\u00a0 <img loading=\"lazy\" decoding=\"async\" class=\"alignnone wp-image-2791\" src=\"https:\/\/unsa-administratifs.org\/wp-content\/uploads\/2022\/03\/Marie-LACROIX-GUILHEM-2-225x300.jpg\" alt=\"\" width=\"143\" height=\"191\" srcset=\"https:\/\/unsa-administratifs.org\/wp-content\/uploads\/2022\/03\/Marie-LACROIX-GUILHEM-2-225x300.jpg 225w, https:\/\/unsa-administratifs.org\/wp-content\/uploads\/2022\/03\/Marie-LACROIX-GUILHEM-2-811x1081.jpg 811w, https:\/\/unsa-administratifs.org\/wp-content\/uploads\/2022\/03\/Marie-LACROIX-GUILHEM-2-768x1024.jpg 768w, https:\/\/unsa-administratifs.org\/wp-content\/uploads\/2022\/03\/Marie-LACROIX-GUILHEM-2.jpg 960w\" sizes=\"auto, (max-width: 143px) 100vw, 143px\" \/><\/div>\n<div dir=\"ltr\"><\/div>\n<div dir=\"ltr\" style=\"text-align: center;\"><span class=\"TexteLinkValue\">\u00a0\u00a0\u00a0\u00a0\u00a0\u00a0\u00a0\u00a0\u00a0\u00a0\u00a0\u00a0\u00a0\u00a0\u00a0\u00a0\u00a0\u00a0\u00a0\u00a0\u00a0\u00a0\u00a0\u00a0\u00a0 \u00a0 \u00a0\u00a0\u00a0\u00a0\u00a0 <b>Louise BOUVIER<\/b>\u00a0 \u00a0\u00a0\u00a0\u00a0\u00a0\u00a0\u00a0\u00a0\u00a0\u00a0\u00a0\u00a0\u00a0\u00a0\u00a0\u00a0\u00a0\u00a0\u00a0 \u00a0 \u00a0 \u00a0 \u00a0 \u00a0 \u00a0\u00a0 \u00a0\u00a0\u00a0 \u00a0\u00a0 <strong>Marie LACROIX-GUILHEM\u00a0<\/strong> \u00a0 \u00a0 \u00a0 \u00a0 \u00a0 \u00a0 \u00a0 \u00a0 \u00a0 \u00a0 \u00a0 \u00a0 \u00a0 \u00a0 \u00a0 \u00a0 \u00a0 \u00a0 \u00a0 \u00a0 \u00a0 \u00a0 \u00a0 \u00a0 \u00a0 \u00a0 \u00a0\u00a0\u00a0 (<span class=\"sender\">04.42.33.11.02<\/span>)\u00a0 \u00a0 \u00a0 \u00a0 \u00a0 \u00a0 \u00a0\u00a0\u00a0\u00a0\u00a0\u00a0\u00a0\u00a0\u00a0\u00a0\u00a0\u00a0\u00a0\u00a0\u00a0\u00a0\u00a0\u00a0\u00a0\u00a0\u00a0\u00a0\u00a0\u00a0\u00a0\u00a0\u00a0\u00a0\u00a0\u00a0\u00a0\u00a0\u00a0\u00a0\u00a0\u00a0\u00a0\u00a0\u00a0\u00a0\u00a0\u00a0 (05.62.14.51.25) \u00a0 \u00a0 \u00a0 \u00a0 \u00a0 \u00a0 \u00a0 \u00a0 \u00a0 \u00a0 \u00a0 \u00a0 \u00a0 \u00a0 \u00a0 \u00a0\u00a0 <\/span>\u00e9lues suppl\u00e9antes<\/div>\n<\/div>\n<div dir=\"ltr\"><\/div>\n<div dir=\"auto\">\n<div dir=\"ltr\"><b><strong>Elisabeth DARTIGALONGUE<\/strong> <\/b>(<span class=\"TexteLinkValue\">01 58 09 46 76<\/span>) est suppl\u00e9ante du CSA-SCR pour la partie Formations Sp\u00e9cialis\u00e9es (FS)<\/div>\n<div dir=\"ltr\"><\/div>\n<div dir=\"ltr\">\n<hr \/>\n<\/div>\n<\/div>\n<\/div>\n<\/div>\n<\/div>\n<h3 style=\"text-align: center;\">Repr\u00e9sentante UNSA Aviation-Civile<\/h3>\n<h4 style=\"text-align: center;\">Commission de restauration de Farman\u00a0 <strong>(titulaire)\u00a0<\/strong><\/h4>\n<h4 style=\"text-align: center;\">Pl\u00e9nier M\u00e9t\u00e9o-France, DGAC, ENAC (suppl\u00e9ante)<\/h4>\n<p><img loading=\"lazy\" decoding=\"async\" class=\"wp-image-3349 aligncenter\" src=\"https:\/\/unsa-administratifs.org\/wp-content\/uploads\/2023\/12\/Elisabeth-DARTIGALONGUE-225x300.jpg\" alt=\"\" width=\"147\" height=\"196\" srcset=\"https:\/\/unsa-administratifs.org\/wp-content\/uploads\/2023\/12\/Elisabeth-DARTIGALONGUE-225x300.jpg 225w, https:\/\/unsa-administratifs.org\/wp-content\/uploads\/2023\/12\/Elisabeth-DARTIGALONGUE-811x1081.jpg 811w, https:\/\/unsa-administratifs.org\/wp-content\/uploads\/2023\/12\/Elisabeth-DARTIGALONGUE-768x1024.jpg 768w, https:\/\/unsa-administratifs.org\/wp-content\/uploads\/2023\/12\/Elisabeth-DARTIGALONGUE-1152x1536.jpg 1152w, https:\/\/unsa-administratifs.org\/wp-content\/uploads\/2023\/12\/Elisabeth-DARTIGALONGUE-1320x1760.jpg 1320w, https:\/\/unsa-administratifs.org\/wp-content\/uploads\/2023\/12\/Elisabeth-DARTIGALONGUE.jpg 1512w\" sizes=\"auto, (max-width: 147px) 100vw, 147px\" \/><\/p>\n<p><strong>\u00a0\u00a0\u00a0\u00a0\u00a0\u00a0\u00a0\u00a0\u00a0\u00a0\u00a0\u00a0\u00a0\u00a0\u00a0\u00a0\u00a0\u00a0\u00a0\u00a0\u00a0\u00a0\u00a0\u00a0\u00a0\u00a0\u00a0\u00a0\u00a0\u00a0\u00a0\u00a0\u00a0\u00a0\u00a0\u00a0\u00a0\u00a0\u00a0\u00a0\u00a0 \u00a0 \u00a0 \u00a0 \u00a0 \u00a0\u00a0\u00a0\u00a0 Elisabeth DARTIGALONGUE<\/strong>\u00a0 <em>(ACBACEA)<\/em> \u00a0 \u00a0 \u00a0 \u00a0 \u00a0\u00a0 \u00a0\u00a0\u00a0\u00a0\u00a0\u00a0\u00a0\u00a0\u00a0\u00a0\u00a0\u00a0\u00a0\u00a0\u00a0\u00a0\u00a0\u00a0\u00a0\u00a0\u00a0\u00a0\u00a0\u00a0\u00a0\u00a0\u00a0\u00a0\u00a0\u00a0\u00a0\u00a0\u00a0\u00a0\u00a0\u00a0\u00a0\u00a0\u00a0\u00a0\u00a0\u00a0\u00a0\u00a0\u00a0\u00a0\u00a0\u00a0\u00a0\u00a0\u00a0\u00a0\u00a0\u00a0\u00a0\u00a0\u00a0\u00a0\u00a0\u00a0\u00a0\u00a0\u00a0\u00a0\u00a0\u00a0\u00a0\u00a0\u00a0\u00a0\u00a0\u00a0\u00a0\u00a0\u00a0\u00a0\u00a0\u00a0 <span class=\"TexteLinkValue\">01 58 09 46 76<\/span><\/p>\n<div class=\"XbIp4 jmmB7 GNqVo yxtKT allowTextSelection\" tabindex=\"-1\" role=\"region\" aria-label=\"Corps du message\">\n<div>\n<div class=\"rps_b0a\">\n<div dir=\"auto\">\n<div dir=\"ltr\">\n<hr \/>\n<\/div>\n<h3 dir=\"ltr\" style=\"text-align: center;\">Comit\u00e9 Social d&rsquo;Administration de la DSAC (CSA-DSAC)<\/h3>\n<p><img loading=\"lazy\" decoding=\"async\" class=\"wp-image-3112 aligncenter\" src=\"https:\/\/unsa-administratifs.org\/wp-content\/uploads\/2023\/01\/Anette-FRITSCH-234x300.jpg\" alt=\"\" width=\"144\" height=\"185\" srcset=\"https:\/\/unsa-administratifs.org\/wp-content\/uploads\/2023\/01\/Anette-FRITSCH-234x300.jpg 234w, https:\/\/unsa-administratifs.org\/wp-content\/uploads\/2023\/01\/Anette-FRITSCH-768x986.jpg 768w, https:\/\/unsa-administratifs.org\/wp-content\/uploads\/2023\/01\/Anette-FRITSCH.jpg 831w\" sizes=\"auto, (max-width: 144px) 100vw, 144px\" \/><\/p>\n<\/div>\n<\/div>\n<\/div>\n<\/div>\n<div dir=\"ltr\"><b>Annette FRITSCH <\/b>(<span class=\"TexteLinkValue\">02.56.31.27.25<\/span>), \u00e9lue suppl\u00e9ante pour les parties CSA et FS<\/div>\n<div dir=\"ltr\"><\/div>\n<div dir=\"ltr\">\n<hr \/>\n<\/div>\n<h3 dir=\"ltr\" style=\"text-align: center;\">Comit\u00e9 Social d&rsquo;Administration de la Polyn\u00e9sie Fran\u00e7aise \u00a0 \u00a0 (CSA-PF)<\/h3>\n<div class=\"XbIp4 jmmB7 GNqVo yxtKT allowTextSelection\" tabindex=\"-1\" role=\"region\" aria-label=\"Corps du message\">\n<div>\n<div class=\"rps_b0a\">\n<div dir=\"auto\">\n<div dir=\"ltr\"><b>R\u00e9gina FELTIN<\/b>, \u00e9lue suppl\u00e9ante pour la partie CSA<\/div>\n<div dir=\"ltr\"><\/div>\n<\/div>\n<\/div>\n<\/div>\n<\/div>\n<hr \/>\n<h5 style=\"text-align: center;\"><span style=\"color: #ff0000;\"><a style=\"color: #ff0000;\" href=\"https:\/\/unsa-administratifs.org\/wp-content\/uploads\/2018\/10\/Jean-Marie-LUCAS.jpg\"><span style=\"color: #000000;\">\u00a0\u00a0\u00a0\u00a0\u00a0\u00a0\u00a0\u00a0\u00a0\u00a0\u00a0\u00a0\u00a0\u00a0 Repr\u00e9sentantes locales \u00e0 Paris<\/span><\/a><\/span><\/h5>\n<h5>\u00a0\u00a0\u00a0\u00a0\u00a0\u00a0\u00a0\u00a0\u00a0\u00a0\u00a0\u00a0\u00a0\u00a0\u00a0\u00a0\u00a0\u00a0\u00a0\u00a0\u00a0\u00a0\u00a0\u00a0\u00a0\u00a0\u00a0\u00a0\u00a0\u00a0\u00a0\u00a0\u00a0\u00a0\u00a0\u00a0\u00a0 \u00a0 \u00a0 \u00a0 Farman \u00a0\u00a0\u00a0\u00a0\u00a0\u00a0\u00a0\u00a0\u00a0\u00a0\u00a0\u00a0\u00a0\u00a0\u00a0\u00a0\u00a0\u00a0\u00a0\u00a0\u00a0\u00a0\u00a0\u00a0\u00a0\u00a0\u00a0\u00a0\u00a0\u00a0\u00a0\u00a0\u00a0\u00a0\u00a0\u00a0\u00a0\u00a0\u00a0\u00a0\u00a0\u00a0\u00a0\u00a0\u00a0\u00a0\u00a0\u00a0\u00a0\u00a0\u00a0\u00a0\u00a0\u00a0\u00a0\u00a0\u00a0\u00a0\u00a0\u00a0\u00a0\u00a0\u00a0\u00a0\u00a0 Rue des Pyr\u00e9n\u00e9es<\/h5>\n<h5>\u00a0 \u00a0 \u00a0 \u00a0 \u00a0 \u00a0 \u00a0 \u00a0 \u00a0 \u00a0 \u00a0 \u00a0 \u00a0 \u00a0\u00a0 <img loading=\"lazy\" decoding=\"async\" class=\"alignnone wp-image-2699\" src=\"https:\/\/unsa-administratifs.org\/wp-content\/uploads\/2021\/09\/Corrine-BELAT-225x300.jpg\" alt=\"\" width=\"182\" height=\"242\" srcset=\"https:\/\/unsa-administratifs.org\/wp-content\/uploads\/2021\/09\/Corrine-BELAT-225x300.jpg 225w, https:\/\/unsa-administratifs.org\/wp-content\/uploads\/2021\/09\/Corrine-BELAT-811x1081.jpg 811w, https:\/\/unsa-administratifs.org\/wp-content\/uploads\/2021\/09\/Corrine-BELAT-768x1024.jpg 768w, https:\/\/unsa-administratifs.org\/wp-content\/uploads\/2021\/09\/Corrine-BELAT-1152x1536.jpg 1152w, https:\/\/unsa-administratifs.org\/wp-content\/uploads\/2021\/09\/Corrine-BELAT-1536x2048.jpg 1536w, https:\/\/unsa-administratifs.org\/wp-content\/uploads\/2021\/09\/Corrine-BELAT-1320x1760.jpg 1320w, https:\/\/unsa-administratifs.org\/wp-content\/uploads\/2021\/09\/Corrine-BELAT-scaled.jpg 1920w\" sizes=\"auto, (max-width: 182px) 100vw, 182px\" \/> \u00a0\u00a0\u00a0\u00a0\u00a0\u00a0\u00a0\u00a0\u00a0\u00a0\u00a0\u00a0\u00a0\u00a0\u00a0\u00a0\u00a0\u00a0\u00a0\u00a0\u00a0\u00a0\u00a0\u00a0\u00a0\u00a0\u00a0\u00a0\u00a0\u00a0 \u00a0 \u00a0 \u00a0 \u00a0\u00a0 \u00a0\u00a0\u00a0 <img loading=\"lazy\" decoding=\"async\" class=\"alignnone size-medium wp-image-3479\" src=\"https:\/\/unsa-administratifs.org\/wp-content\/uploads\/2024\/12\/Aurelie-SABRI-168x300.png\" alt=\"\" width=\"168\" height=\"300\" srcset=\"https:\/\/unsa-administratifs.org\/wp-content\/uploads\/2024\/12\/Aurelie-SABRI-168x300.png 168w, https:\/\/unsa-administratifs.org\/wp-content\/uploads\/2024\/12\/Aurelie-SABRI.png 575w\" sizes=\"auto, (max-width: 168px) 100vw, 168px\" \/><\/h5>\n<p style=\"text-align: left;\"><em><strong>\u00a0\u00a0 \u00a0 \u00a0 \u00a0 \u00a0 \u00a0 \u00a0 \u00a0 \u00a0 \u00a0 \u00a0 \u00a0 \u00a0 \u00a0 \u00a0 Corinne BELAT <\/strong>(ACBACEA)<strong> \u00a0\u00a0\u00a0\u00a0\u00a0\u00a0\u00a0 \u00a0\u00a0 \u00a0\u00a0\u00a0\u00a0\u00a0\u00a0\u00a0\u00a0\u00a0\u00a0\u00a0\u00a0\u00a0\u00a0\u00a0\u00a0\u00a0\u00a0\u00a0\u00a0\u00a0\u00a0\u00a0\u00a0\u00a0\u00a0\u00a0\u00a0\u00a0\u00a0\u00a0\u00a0\u00a0\u00a0\u00a0\u00a0\u00a0\u00a0\u00a0\u00a0\u00a0 Aur\u00e9lie SABRI <\/strong>(SNIA)\u00a0<strong> \u00a0\u00a0\u00a0\u00a0\u00a0\u00a0\u00a0\u00a0 \u00a0\u00a0\u00a0 \u00a0 \u00a0 \u00a0 \u00a0 \u00a0 \u00a0 \u00a0 \u00a0 \u00a0 \u00a0 \u00a0 \u00a0\u00a0 \u00a0 \u00a0 <\/strong><\/em>01.58.09.46.09 \u00a0\u00a0\u00a0\u00a0\u00a0\u00a0\u00a0\u00a0\u00a0\u00a0\u00a0\u00a0\u00a0\u00a0\u00a0\u00a0\u00a0\u00a0\u00a0 \u00a0 \u00a0 \u00a0 \u00a0 \u00a0\u00a0\u00a0\u00a0\u00a0\u00a0\u00a0\u00a0\u00a0\u00a0\u00a0\u00a0\u00a0\u00a0\u00a0\u00a0\u00a0\u00a0\u00a0\u00a0\u00a0\u00a0\u00a0 \u00a0 \u00a0 \u00a0 \u00a0 \u00a0 \u00a0 \u00a0 \u00a0 \u00a0 \u00a0 \u00a0 <span class=\"TexteLinkValue\">01.44.64.32.16<\/span><\/p>\n<hr \/>\n<h5 style=\"text-align: center;\"><strong>Repr\u00e9sentante locale \u00e0 <\/strong><em><strong>Roissy<\/strong><\/em><\/h5>\n<p style=\"text-align: center;\"><a href=\"https:\/\/unsa-administratifs.org\/wp-content\/uploads\/2018\/10\/Florence-LECOUSTRE.jpg\"><img loading=\"lazy\" decoding=\"async\" class=\"wp-image-1951 aligncenter\" src=\"https:\/\/unsa-administratifs.org\/wp-content\/uploads\/2018\/10\/Florence-LECOUSTRE-225x300.jpg\" alt=\"\" width=\"161\" height=\"215\" srcset=\"https:\/\/unsa-administratifs.org\/wp-content\/uploads\/2018\/10\/Florence-LECOUSTRE-225x300.jpg 225w, https:\/\/unsa-administratifs.org\/wp-content\/uploads\/2018\/10\/Florence-LECOUSTRE-768x1024.jpg 768w, https:\/\/unsa-administratifs.org\/wp-content\/uploads\/2018\/10\/Florence-LECOUSTRE-1320x1760.jpg 1320w, https:\/\/unsa-administratifs.org\/wp-content\/uploads\/2018\/10\/Florence-LECOUSTRE.jpg 1512w\" sizes=\"auto, (max-width: 161px) 100vw, 161px\" \/><\/a><strong><em> \u00a0\u00a0\u00a0\u00a0\u00a0\u00a0\u00a0\u00a0\u00a0\u00a0\u00a0\u00a0\u00a0\u00a0\u00a0\u00a0\u00a0\u00a0\u00a0\u00a0\u00a0\u00a0\u00a0\u00a0\u00a0\u00a0\u00a0\u00a0\u00a0\u00a0\u00a0\u00a0\u00a0\u00a0\u00a0\u00a0\u00a0\u00a0\u00a0\u00a0\u00a0\u00a0\u00a0\u00a0\u00a0\u00a0\u00a0\u00a0\u00a0\u00a0\u00a0\u00a0\u00a0\u00a0\u00a0 <\/em><\/strong><strong><em>Florence LECOUSTRE<\/em><\/strong> (SG-SIR\/N) \u00a0 \u00a0 \u00a0 \u00a0 \u00a0 \u00a0 \u00a0 \u00a0 \u00a0 \u00a0 \u00a0 \u00a0 \u00a0 \u00a0 \u00a0 \u00a0 \u00a0 \u00a0 \u00a0 \u00a0 \u00a0 \u00a0 \u00a0 \u00a0\u00a0\u00a0\u00a0\u00a0\u00a0\u00a0 <span class=\"TexteLinkValue\">01.74.37.89.11<\/span><\/p>\n<hr \/>\n<h5 style=\"text-align: center;\"><strong>Repr\u00e9sentante locale \u00e0 <\/strong><em><strong>Lyon<\/strong><\/em><\/h5>\n<p style=\"text-align: center;\"><img loading=\"lazy\" decoding=\"async\" class=\"wp-image-3285 aligncenter\" src=\"https:\/\/unsa-administratifs.org\/wp-content\/uploads\/2023\/09\/Corinne-VAYSSE-225x300.jpg\" alt=\"\" width=\"150\" height=\"200\" srcset=\"https:\/\/unsa-administratifs.org\/wp-content\/uploads\/2023\/09\/Corinne-VAYSSE-225x300.jpg 225w, https:\/\/unsa-administratifs.org\/wp-content\/uploads\/2023\/09\/Corinne-VAYSSE-811x1081.jpg 811w, https:\/\/unsa-administratifs.org\/wp-content\/uploads\/2023\/09\/Corinne-VAYSSE-768x1024.jpg 768w, https:\/\/unsa-administratifs.org\/wp-content\/uploads\/2023\/09\/Corinne-VAYSSE-1152x1536.jpg 1152w, https:\/\/unsa-administratifs.org\/wp-content\/uploads\/2023\/09\/Corinne-VAYSSE-1536x2048.jpg 1536w, https:\/\/unsa-administratifs.org\/wp-content\/uploads\/2023\/09\/Corinne-VAYSSE-1320x1760.jpg 1320w, https:\/\/unsa-administratifs.org\/wp-content\/uploads\/2023\/09\/Corinne-VAYSSE.jpg 1920w\" sizes=\"auto, (max-width: 150px) 100vw, 150px\" \/> \u00a0 \u00a0 \u00a0 \u00a0 \u00a0 \u00a0 \u00a0 \u00a0 \u00a0 \u00a0 \u00a0 \u00a0 \u00a0 \u00a0 \u00a0 \u00a0 \u00a0 \u00a0 \u00a0 \u00a0 \u00a0 \u00a0 \u00a0 \u00a0 \u00a0 \u00a0 \u00a0 \u00a0 \u00a0 \u00a0 \u00a0 \u00a0 \u00a0\u00a0 <strong><em>Corinne VAYSSE<\/em><\/strong> (SIR\/CE)\u00a0\u00a0\u00a0\u00a0\u00a0\u00a0\u00a0\u00a0\u00a0\u00a0\u00a0\u00a0\u00a0\u00a0\u00a0\u00a0<strong><em> \u00a0 \u00a0 \u00a0 \u00a0 \u00a0 \u00a0 \u00a0 \u00a0 \u00a0 \u00a0 \u00a0 \u00a0 \u00a0 \u00a0 \u00a0 \u00a0 \u00a0 \u00a0 \u00a0 \u00a0 \u00a0 \u00a0 \u00a0 \u00a0 \u00a0 \u00a0 <\/em><\/strong><span class=\"TexteLinkValue\">04.26 72.67.87<\/span><\/p>\n<hr \/>\n<h5 style=\"text-align: center;\"><strong>Repr\u00e9sentante locale \u00e0 <\/strong><em><strong>Reims<\/strong><\/em><\/h5>\n<p style=\"text-align: center;\"><img loading=\"lazy\" decoding=\"async\" class=\"alignnone wp-image-2857\" src=\"https:\/\/unsa-administratifs.org\/wp-content\/uploads\/2022\/06\/Laurence-AARMATI-225x300.jpg\" alt=\"\" width=\"192\" height=\"256\" srcset=\"https:\/\/unsa-administratifs.org\/wp-content\/uploads\/2022\/06\/Laurence-AARMATI-225x300.jpg 225w, https:\/\/unsa-administratifs.org\/wp-content\/uploads\/2022\/06\/Laurence-AARMATI-811x1081.jpg 811w, https:\/\/unsa-administratifs.org\/wp-content\/uploads\/2022\/06\/Laurence-AARMATI-768x1024.jpg 768w, https:\/\/unsa-administratifs.org\/wp-content\/uploads\/2022\/06\/Laurence-AARMATI.jpg 960w\" sizes=\"auto, (max-width: 192px) 100vw, 192px\" \/><\/p>\n<p><em><strong>\u00a0 \u00a0 \u00a0 \u00a0 \u00a0 \u00a0 \u00a0 \u00a0 \u00a0 \u00a0 \u00a0 \u00a0 \u00a0 \u00a0 \u00a0 \u00a0 \u00a0 \u00a0 \u00a0 \u00a0 \u00a0 \u00a0 \u00a0 \u00a0 \u00a0 \u00a0 \u00a0 \u00a0 \u00a0 \u00a0 \u00a0 \u00a0 \u00a0Laurence ARMATI<\/strong><\/em> (CRNA\/Est)\u00a0 \u00a0 \u00a0 \u00a0 \u00a0 \u00a0 \u00a0 \u00a0 \u00a0 \u00a0 \u00a0 \u00a0 \u00a0 \u00a0 \u00a0 \u00a0 \u00a0 \u00a0 \u00a0 \u00a0 \u00a0 \u00a0 \u00a0 \u00a0 \u00a0 \u00a0 \u00a0 \u00a0 \u00a0 \u00a0 \u00a0 \u00a0 \u00a0 \u00a0 \u00a0 \u00a0 \u00a0 \u00a0 \u00a0 \u00a0 \u00a0 \u00a0 \u00a0 \u00a0 \u00a0 \u00a0 \u00a0 \u00a0 \u00a0 \u00a0 \u00a0 \u00a0 \u00a0 \u00a0 \u00a0 \u00a0 \u00a0 \u00a0 \u00a0 \u00a0 \u00a0 \u00a0 \u00a0 \u00a0 \u00a0 \u00a0 \u00a0 \u00a0 \u00a0 \u00a0 \u00a0 \u00a0 \u00a0 <span class=\"TexteLinkValue\">03.26.84.61.00<\/span><\/p>\n<hr \/>\n<h5 style=\"text-align: center;\"><strong>Repr\u00e9sentante locale \u00e0 <\/strong><em><strong>Aix en Provence<\/strong><\/em><\/h5>\n<p><a href=\"https:\/\/unsa-administratifs.org\/wp-content\/uploads\/2018\/10\/Photo-Louise-BOUVIER.jpg\"><img loading=\"lazy\" decoding=\"async\" class=\"wp-image-1943 aligncenter\" src=\"https:\/\/unsa-administratifs.org\/wp-content\/uploads\/2018\/10\/Photo-Louise-BOUVIER-225x300.jpg\" alt=\"\" width=\"146\" height=\"195\" srcset=\"https:\/\/unsa-administratifs.org\/wp-content\/uploads\/2018\/10\/Photo-Louise-BOUVIER-225x300.jpg 225w, https:\/\/unsa-administratifs.org\/wp-content\/uploads\/2018\/10\/Photo-Louise-BOUVIER-768x1024.jpg 768w, https:\/\/unsa-administratifs.org\/wp-content\/uploads\/2018\/10\/Photo-Louise-BOUVIER-1320x1760.jpg 1320w, https:\/\/unsa-administratifs.org\/wp-content\/uploads\/2018\/10\/Photo-Louise-BOUVIER.jpg 1512w\" sizes=\"auto, (max-width: 146px) 100vw, 146px\" \/><\/a><\/p>\n<p><em><strong>\u00a0\u00a0\u00a0\u00a0\u00a0\u00a0\u00a0\u00a0\u00a0\u00a0\u00a0\u00a0\u00a0\u00a0<\/strong><\/em> \u00a0 \u00a0\u00a0 \u00a0 \u00a0 \u00a0 \u00a0 \u00a0 \u00a0 \u00a0 \u00a0 \u00a0 \u00a0 \u00a0 \u00a0 \u00a0 \u00a0 \u00a0 \u00a0\u00a0 \u00a0 \u00a0 \u00a0\u00a0 <em><strong>Louise BOUVIER<\/strong><\/em> (SGTA\/DSAC-SE)\u00a0 \u00a0 \u00a0 \u00a0 \u00a0 \u00a0 \u00a0\u00a0\u00a0\u00a0\u00a0\u00a0\u00a0\u00a0\u00a0\u00a0\u00a0\u00a0\u00a0\u00a0\u00a0\u00a0\u00a0\u00a0\u00a0<span class=\"sender\"> \u00a0\u00a0\u00a0\u00a0\u00a0\u00a0\u00a0\u00a0\u00a0\u00a0\u00a0\u00a0\u00a0\u00a0\u00a0\u00a0\u00a0\u00a0\u00a0\u00a0\u00a0\u00a0\u00a0\u00a0\u00a0\u00a0\u00a0\u00a0\u00a0\u00a0\u00a0\u00a0\u00a0\u00a0\u00a0\u00a0\u00a0\u00a0\u00a0\u00a0\u00a0\u00a0\u00a0\u00a0\u00a0\u00a0\u00a0\u00a0\u00a0\u00a0\u00a0\u00a0\u00a0\u00a0 \u00a0 \u00a0 \u00a0 \u00a0 \u00a0 \u00a0 \u00a0 \u00a0 \u00a0 \u00a0 \u00a0 \u00a0 \u00a0 04.42.33.11.02<\/span><\/p>\n<hr \/>\n<h5 style=\"text-align: center;\">Repr\u00e9sentants locaux \u00e0 <em><strong>Saint-Denis (\u00eele de la R\u00e9union)<\/strong><\/em><\/h5>\n<p style=\"text-align: center;\"><img loading=\"lazy\" decoding=\"async\" class=\"size-medium wp-image-3153 aligncenter\" src=\"https:\/\/unsa-administratifs.org\/wp-content\/uploads\/2023\/01\/Thierry-et-Majidou-300x225.jpg\" alt=\"\" width=\"300\" height=\"225\" srcset=\"https:\/\/unsa-administratifs.org\/wp-content\/uploads\/2023\/01\/Thierry-et-Majidou-300x225.jpg 300w, https:\/\/unsa-administratifs.org\/wp-content\/uploads\/2023\/01\/Thierry-et-Majidou-1441x1081.jpg 1441w, https:\/\/unsa-administratifs.org\/wp-content\/uploads\/2023\/01\/Thierry-et-Majidou-768x576.jpg 768w, https:\/\/unsa-administratifs.org\/wp-content\/uploads\/2023\/01\/Thierry-et-Majidou-1536x1152.jpg 1536w, https:\/\/unsa-administratifs.org\/wp-content\/uploads\/2023\/01\/Thierry-et-Majidou-1320x990.jpg 1320w, https:\/\/unsa-administratifs.org\/wp-content\/uploads\/2023\/01\/Thierry-et-Majidou.jpg 2016w\" sizes=\"auto, (max-width: 300px) 100vw, 300px\" \/><em><strong> \u00a0 \u00a0 \u00a0 \u00a0 \u00a0 \u00a0 \u00a0 \u00a0 \u00a0 \u00a0 \u00a0 \u00a0 \u00a0 \u00a0 \u00a0 \u00a0 \u00a0 \u00a0 \u00a0 \u00a0 \u00a0 \u00a0 \u00a0 \u00a0 \u00a0\u00a0\u00a0 Madjidou HAMIDOU \u00e0 droite <\/strong><\/em>(SG-SIR OI)\u00a0 \u00a0 \u00a0 \u00a0\u00a0\u00a0\u00a0\u00a0\u00a0\u00a0\u00a0\u00a0\u00a0\u00a0\u00a0\u00a0 \u00a0 \u00a0 \u00a0 \u00a0 \u00a0 \u00a0 \u00a0 \u00a0\u00a0\u00a0\u00a0\u00a0\u00a0\u00a0\u00a0\u00a0\u00a0\u00a0\u00a0\u00a0\u00a0\u00a0\u00a0\u00a0\u00a0 \u00a0 \u00a0 \u00a0 \u00a0 \u00a0 \u00a0 \u00a0 \u00a0 \u00a0 \u00a0 \u00a0 \u00a0 \u00a0 \u00a0 \u00a0 \u00a0 \u00a0 \u00a0 \u00a0 \u00a0 \u00a0 \u00a0 \u00a0 \u00a0 \u00a0 \u00a0 \u00a0 <span class=\"TexteLinkValue\">02.62.72.88.21<\/span>\u00a0 \u00a0\u00a0 \u00a0 \u00a0 \u00a0 \u00a0 \u00a0 \u00a0 \u00a0 \u00a0 \u00a0 \u00a0 \u00a0 \u00a0 \u00a0 \u00a0 \u00a0 \u00a0 \u00a0 \u00a0 \u00a0 \u00a0 \u00a0 \u00a0 \u00a0 \u00a0 \u00a0 \u00a0\u00a0\u00a0\u00a0<em><strong><br \/>\n<\/strong><\/em><\/p>\n<hr \/>\n<h5 style=\"text-align: center;\">Repr\u00e9sentante locale \u00e0 <em>Loperhet &#8211;<\/em> <em><strong>Guipavas &#8211; Nantes<\/strong><\/em><\/h5>\n<p><a href=\"https:\/\/unsa-administratifs.org\/wp-content\/uploads\/2018\/10\/Marie-Jos\u00e9.jpg\"><img loading=\"lazy\" decoding=\"async\" class=\"wp-image-1993 aligncenter\" src=\"https:\/\/unsa-administratifs.org\/wp-content\/uploads\/2018\/10\/Marie-Jos\u00e9-225x300.jpg\" alt=\"\" width=\"124\" height=\"165\" srcset=\"https:\/\/unsa-administratifs.org\/wp-content\/uploads\/2018\/10\/Marie-Jos\u00e9-225x300.jpg 225w, https:\/\/unsa-administratifs.org\/wp-content\/uploads\/2018\/10\/Marie-Jos\u00e9-768x1024.jpg 768w, https:\/\/unsa-administratifs.org\/wp-content\/uploads\/2018\/10\/Marie-Jos\u00e9-1320x1760.jpg 1320w, https:\/\/unsa-administratifs.org\/wp-content\/uploads\/2018\/10\/Marie-Jos\u00e9.jpg 1512w\" sizes=\"auto, (max-width: 124px) 100vw, 124px\" \/><\/a><\/p>\n<p><em><strong>\u00a0\u00a0\u00a0\u00a0\u00a0\u00a0\u00a0\u00a0\u00a0\u00a0\u00a0\u00a0\u00a0\u00a0\u00a0\u00a0\u00a0\u00a0\u00a0\u00a0\u00a0\u00a0\u00a0\u00a0\u00a0\u00a0 \u00a0 \u00a0 \u00a0 \u00a0 \u00a0 \u00a0 \u00a0 \u00a0\u00a0 \u00a0 \u00a0 \u00a0 \u00a0 \u00a0 \u00a0 \u00a0 \u00a0 Marie-Jos\u00e9 GONCALVES<\/strong><\/em> (SG-SIR\/O)\u00a0\u00a0 \u00a0 \u00a0 \u00a0 \u00a0 \u00a0 \u00a0 \u00a0 \u00a0 \u00a0 \u00a0 \u00a0 \u00a0 \u00a0 \u00a0 \u00a0 \u00a0 \u00a0 \u00a0 \u00a0 \u00a0 \u00a0 \u00a0 \u00a0 \u00a0 \u00a0 \u00a0 \u00a0 \u00a0 \u00a0 \u00a0 \u00a0 \u00a0 \u00a0 \u00a0 \u00a0 \u00a0 \u00a0 \u00a0 \u00a0 \u00a0 \u00a0 \u00a0\u00a0\u00a0\u00a0\u00a0\u00a0\u00a0\u00a0\u00a0\u00a0\u00a0\u00a0\u00a0\u00a0\u00a0\u00a0\u00a0\u00a0\u00a0\u00a0\u00a0\u00a0\u00a0\u00a0\u00a0 \u00a0 \u00a0 \u00a0 \u00a0 \u00a0 \u00a0 \u00a0 \u00a0 \u00a0 \u00a0 \u00a0 \u00a0 \u00a0 02.98.32.02.13<\/p>\n<hr \/>\n<h5 style=\"text-align: center;\">Repr\u00e9sentante locale \u00e0 Toulouse<\/h5>\n<h5>\u00a0 \u00a0 \u00a0 \u00a0 \u00a0 \u00a0 \u00a0 \u00a0 \u00a0 \u00a0 \u00a0 <img loading=\"lazy\" decoding=\"async\" class=\"wp-image-2791 aligncenter\" src=\"https:\/\/unsa-administratifs.org\/wp-content\/uploads\/2022\/03\/Marie-LACROIX-GUILHEM-2-225x300.jpg\" alt=\"\" width=\"154\" height=\"205\" srcset=\"https:\/\/unsa-administratifs.org\/wp-content\/uploads\/2022\/03\/Marie-LACROIX-GUILHEM-2-225x300.jpg 225w, https:\/\/unsa-administratifs.org\/wp-content\/uploads\/2022\/03\/Marie-LACROIX-GUILHEM-2-811x1081.jpg 811w, https:\/\/unsa-administratifs.org\/wp-content\/uploads\/2022\/03\/Marie-LACROIX-GUILHEM-2-768x1024.jpg 768w, https:\/\/unsa-administratifs.org\/wp-content\/uploads\/2022\/03\/Marie-LACROIX-GUILHEM-2.jpg 960w\" sizes=\"auto, (max-width: 154px) 100vw, 154px\" \/><\/h5>\n<p><em><strong>\u00a0\u00a0 \u00a0 \u00a0\u00a0\u00a0\u00a0\u00a0\u00a0\u00a0\u00a0\u00a0\u00a0\u00a0\u00a0\u00a0\u00a0\u00a0\u00a0\u00a0\u00a0\u00a0\u00a0\u00a0\u00a0\u00a0\u00a0\u00a0\u00a0\u00a0\u00a0\u00a0\u00a0\u00a0\u00a0\u00a0\u00a0\u00a0\u00a0\u00a0\u00a0\u00a0\u00a0\u00a0\u00a0\u00a0\u00a0\u00a0\u00a0\u00a0\u00a0\u00a0\u00a0\u00a0\u00a0 <\/strong><\/em><em><strong>Marie LACROIX-GUILHEM <\/strong><\/em>(SG-SIR\/S) \u00a0\u00a0\u00a0\u00a0\u00a0\u00a0\u00a0\u00a0\u00a0\u00a0\u00a0\u00a0\u00a0\u00a0\u00a0\u00a0\u00a0\u00a0\u00a0\u00a0\u00a0\u00a0\u00a0\u00a0\u00a0\u00a0\u00a0\u00a0\u00a0\u00a0\u00a0\u00a0\u00a0\u00a0\u00a0\u00a0\u00a0\u00a0\u00a0\u00a0 \u00a0\u00a0\u00a0\u00a0 \u00a0 \u00a0 \u00a0 \u00a0 \u00a0 \u00a0 \u00a0 \u00a0 \u00a0 \u00a0 \u00a0 \u00a0 \u00a0 \u00a0 \u00a0 \u00a0 \u00a0 \u00a0 \u00a0 \u00a0\u00a0 \u00a0 \u00a0 \u00a0 \u00a0 \u00a0 \u00a0 \u00a0 \u00a0 \u00a0 \u00a0 \u00a0 \u00a0 \u00a0 \u00a0 \u00a0 \u00a0 \u00a0 \u00a0 \u00a0 \u00a0 \u00a0 \u00a0 <span class=\"TexteLinkValue\">05.62.14.51.25<\/span><\/p>\n<hr \/>\n<h5 style=\"text-align: center;\">Repr\u00e9sentant local \u00e0 <em><strong>Strasbourg<\/strong><\/em><\/h5>\n<p><img loading=\"lazy\" decoding=\"async\" class=\" wp-image-2997 aligncenter\" src=\"https:\/\/unsa-administratifs.org\/wp-content\/uploads\/2022\/11\/Thierry-PARA-225x300.jpg\" alt=\"\" width=\"158\" height=\"211\" srcset=\"https:\/\/unsa-administratifs.org\/wp-content\/uploads\/2022\/11\/Thierry-PARA-225x300.jpg 225w, https:\/\/unsa-administratifs.org\/wp-content\/uploads\/2022\/11\/Thierry-PARA-811x1081.jpg 811w, https:\/\/unsa-administratifs.org\/wp-content\/uploads\/2022\/11\/Thierry-PARA-768x1024.jpg 768w, https:\/\/unsa-administratifs.org\/wp-content\/uploads\/2022\/11\/Thierry-PARA.jpg 960w\" sizes=\"auto, (max-width: 158px) 100vw, 158px\" \/><\/p>\n<p style=\"text-align: center;\"><em><strong>\u00a0\u00a0\u00a0\u00a0\u00a0\u00a0\u00a0\u00a0\u00a0\u00a0 \u00a0 \u00a0 \u00a0 \u00a0 \u00a0 \u00a0 \u00a0 \u00a0 \u00a0 \u00a0 \u00a0\u00a0 \u00a0 \u00a0 \u00a0 \u00a0 \u00a0 \u00a0 \u00a0 \u00a0 \u00a0 \u00a0 \u00a0 \u00a0 \u00a0 \u00a0 \u00a0 \u00a0 \u00a0 \u00a0 \u00a0 Thierry PARA<\/strong><\/em> (SIR\/E)\u00a0\u00a0\u00a0\u00a0\u00a0\u00a0\u00a0\u00a0\u00a0\u00a0\u00a0\u00a0\u00a0\u00a0\u00a0\u00a0\u00a0\u00a0\u00a0\u00a0\u00a0\u00a0\u00a0\u00a0\u00a0\u00a0\u00a0\u00a0\u00a0\u00a0\u00a0\u00a0\u00a0\u00a0\u00a0\u00a0\u00a0\u00a0\u00a0\u00a0\u00a0\u00a0\u00a0\u00a0\u00a0\u00a0\u00a0\u00a0\u00a0\u00a0\u00a0\u00a0\u00a0\u00a0\u00a0\u00a0\u00a0\u00a0 \u00a0 \u00a0 \u00a0 \u00a0\u00a0\u00a0\u00a0\u00a0\u00a0\u00a0\u00a0\u00a0 03.69.14.84.34 \/ 07.64.78.42.03<\/p>\n<hr \/>\n<h5 style=\"text-align: center;\"><strong>Repr\u00e9sentant local en Corse <\/strong><\/h5>\n<p><img loading=\"lazy\" decoding=\"async\" class=\"wp-image-3445 aligncenter\" src=\"https:\/\/unsa-administratifs.org\/wp-content\/uploads\/2024\/10\/Xavier-GUIZARD-225x300.jpg\" alt=\"\" width=\"157\" height=\"209\" srcset=\"https:\/\/unsa-administratifs.org\/wp-content\/uploads\/2024\/10\/Xavier-GUIZARD-225x300.jpg 225w, https:\/\/unsa-administratifs.org\/wp-content\/uploads\/2024\/10\/Xavier-GUIZARD-811x1081.jpg 811w, https:\/\/unsa-administratifs.org\/wp-content\/uploads\/2024\/10\/Xavier-GUIZARD-768x1024.jpg 768w, https:\/\/unsa-administratifs.org\/wp-content\/uploads\/2024\/10\/Xavier-GUIZARD-1152x1536.jpg 1152w, https:\/\/unsa-administratifs.org\/wp-content\/uploads\/2024\/10\/Xavier-GUIZARD-1536x2048.jpg 1536w, https:\/\/unsa-administratifs.org\/wp-content\/uploads\/2024\/10\/Xavier-GUIZARD-1320x1760.jpg 1320w, https:\/\/unsa-administratifs.org\/wp-content\/uploads\/2024\/10\/Xavier-GUIZARD-scaled.jpg 1920w\" sizes=\"auto, (max-width: 157px) 100vw, 157px\" \/><\/p>\n<p style=\"text-align: center;\"><strong><em>\u00a0\u00a0\u00a0\u00a0\u00a0\u00a0\u00a0\u00a0\u00a0\u00a0\u00a0\u00a0\u00a0\u00a0\u00a0\u00a0\u00a0\u00a0\u00a0\u00a0\u00a0\u00a0\u00a0\u00a0\u00a0\u00a0\u00a0\u00a0 \u00a0 \u00a0 \u00a0 \u00a0 \u00a0 \u00a0 \u00a0 \u00a0\u00a0 \u00a0 \u00a0 \u00a0 \u00a0 \u00a0 \u00a0\u00a0 \u00a0 \u00a0\u00a0\u00a0 Xavier GUIZARD<\/em><\/strong> (DSAC\/SE)\u00a0\u00a0 \u00a0 \u00a0 \u00a0 \u00a0\u00a0 \u00a0\u00a0 \u00a0 \u00a0 \u00a0 \u00a0 \u00a0\u00a0\u00a0 \u00a0 \u00a0 \u00a0 \u00a0 \u00a0 \u00a0 \u00a0 \u00a0 \u00a0 \u00a0 \u00a0 \u00a0 \u00a0 \u00a0 \u00a0\u00a0 \u00a0\u00a0 \u00a0 \u00a0 \u00a0 <a class=\"ng-star-inserted\" href=\"mailto:xavier.guizard@aviation-civile.gouv.fr\">xavier.guizard@aviation-civile.gouv.fr<\/a><\/p>\n<hr \/>\n<p><span style=\"text-decoration: underline;\">Adresse du bureau national<\/span> :<\/p>\n<address>\n<address>UNS<span style=\"color: #ff0000;\">A<\/span>-Administratifs<\/address>\n<address>CRNA Ouest<\/address>\n<address>CS 80013<\/address>\n<address>29470 LOPERHET<\/address>\n<address><span style=\"text-decoration: underline;\">Courriel<\/span> : <a title=\"adresse mail\" href=\"mailto:unsa-administratifs-bf@aviation-civile.gouv.fr\">unsa-administratifs-bf@aviation-civile.gouv.fr<\/a><\/address>\n<\/address>\n<p>&nbsp;<\/p>\n","protected":false},"excerpt":{"rendered":"<p>l&rsquo;UNSA-Administratifs\u00a0\u00a0\u00a0 \u00a0\u00a0\u00a0\u00a0\u00a0\u00a0\u00a0\u00a0\u00a0\u00a0\u00a0\u00a0\u00a0\u00a0\u00a0\u00a0\u00a0\u00a0\u00a0\u00a0\u00a0\u00a0\u00a0\u00a0\u00a0\u00a0\u00a0\u00a0\u00a0\u00a0\u00a0\u00a0\u00a0\u00a0\u00a0\u00a0\u00a0\u00a0\u00a0\u00a0\u00a0\u00a0\u00a0\u00a0\u00a0\u00a0\u00a0\u00a0\u00a0\u00a0\u00a0\u00a0\u00a0 \u00a0\u00a0\u00a0\u00a0\u00a0\u00a0\u00a0\u00a0\u00a0\u00a0\u00a0\u00a0\u00a0\u00a0\u00a0\u00a0\u00a0\u00a0\u00a0\u00a0\u00a0\u00a0\u00a0\u00a0 \u00a0 \u00a0 \u00a0 \u00a0 \u00a0 \u00a0 \u00a0 \u00a0 Gilles GRALL \/ Secr\u00e9taire g\u00e9n\u00e9ral\u00a0\u00a0\u00a0\u00a0\u00a0 \u00a0 \u00a0 \u00a0 \u00a0 \u00a0 \u00a0\u00a0\u00a0\u00a0\u00a0\u00a0\u00a0\u00a0\u00a0\u00a0\u00a0\u00a0\u00a0\u00a0\u00a0\u00a0\u00a0\u00a0\u00a0\u00a0\u00a0\u00a0\u00a0\u00a0\u00a0\u00a0\u00a0\u00a0\u00a0\u00a0\u00a0\u00a0\u00a0\u00a0\u00a0\u00a0\u00a0\u00a0\u00a0\u00a0\u00a0\u00a0\u00a0\u00a0\u00a0\u00a0\u00a0\u00a0\u00a0\u00a0\u00a0\u00a0\u00a0\u00a0\u00a0\u00a0\u00a0\u00a0\u00a0\u00a0\u00a0\u00a0\u00a0\u00a0\u00a0\u00a0\u00a0\u00a0\u00a0\u00a0\u00a0\u00a0\u00a0\u00a0\u00a0\u00a0\u00a0\u00a0\u00a0\u00a0\u00a0 Repr\u00e9sentant DGAC \u00e0 la CAP de la cat\u00e9gorie B\u00a0\u00a0\u00a0\u00a0\u00a0 \u00a0 \u00a0 \u00a0 \u00a0 \u00a0 \u00a0 \u00a0 \u00a0 \u00a0 \u00a0 \u00a0 \u00a0 \u00a0 \u00a0 \u00a0 \u00a0 \u00a0 \u00a0 \u00a0 \u00a0 \u00a0 \u00a0 \u00a0 \u00a0 &hellip; <a href=\"https:\/\/unsa-administratifs.org\/?page_id=92\" class=\"more-link\">Continuer la lecture de <span class=\"screen-reader-text\">****Vos repr\u00e9sentants****<\/span> <span class=\"meta-nav\">&rarr;<\/span><\/a><\/p>\n","protected":false},"author":4,"featured_media":102,"parent":0,"menu_order":0,"comment_status":"open","ping_status":"closed","template":"","meta":{"footnotes":""},"class_list":["post-92","page","type-page","status-publish","has-post-thumbnail","hentry"],"aioseo_notices":[],"_links":{"self":[{"href":"https:\/\/unsa-administratifs.org\/index.php?rest_route=\/wp\/v2\/pages\/92","targetHints":{"allow":["GET"]}}],"collection":[{"href":"https:\/\/unsa-administratifs.org\/index.php?rest_route=\/wp\/v2\/pages"}],"about":[{"href":"https:\/\/unsa-administratifs.org\/index.php?rest_route=\/wp\/v2\/types\/page"}],"author":[{"embeddable":true,"href":"https:\/\/unsa-administratifs.org\/index.php?rest_route=\/wp\/v2\/users\/4"}],"replies":[{"embeddable":true,"href":"https:\/\/unsa-administratifs.org\/index.php?rest_route=%2Fwp%2Fv2%2Fcomments&post=92"}],"version-history":[{"count":278,"href":"https:\/\/unsa-administratifs.org\/index.php?rest_route=\/wp\/v2\/pages\/92\/revisions"}],"predecessor-version":[{"id":3670,"href":"https:\/\/unsa-administratifs.org\/index.php?rest_route=\/wp\/v2\/pages\/92\/revisions\/3670"}],"wp:featuredmedia":[{"embeddable":true,"href":"https:\/\/unsa-administratifs.org\/index.php?rest_route=\/wp\/v2\/media\/102"}],"wp:attachment":[{"href":"https:\/\/unsa-administratifs.org\/index.php?rest_route=%2Fwp%2Fv2%2Fmedia&parent=92"}],"curies":[{"name":"wp","href":"https:\/\/api.w.org\/{rel}","templated":true}]}}